{"id":383,"date":"2019-04-19T05:27:39","date_gmt":"2019-04-19T05:27:39","guid":{"rendered":"http:\/\/demo.sparklewpthemes.com\/constructionlight\/?page_id=383"},"modified":"2025-08-28T10:26:27","modified_gmt":"2025-08-28T10:26:27","slug":"ofis-tasarim-ve-yenileme","status":"publish","type":"page","link":"https:\/\/www.karmazyapitasarim.com\/index.php\/ofis-tasarim-ve-yenileme\/","title":{"rendered":"Ofis Tasar\u0131m ve Yenileme Projeleri (Anahtar Teslim)"},"content":{"rendered":"\n<p><\/p>\n\n\n\n<p><strong>Verimlili\u011fi Y\u00fckselten Ofisler \u2013 Modern ve \u0130\u015flevsel \u00c7\u00f6z\u00fcmler.<\/strong><\/p>\n\n\n\n<p>Modern i\u015f d\u00fcnyas\u0131nda ofisler sadece \u00e7al\u0131\u015f\u0131lan yerler de\u011fil, ayn\u0131 zamanda markan\u0131n kimli\u011fini ve kurumsal duru\u015funu yans\u0131tan ya\u015fam alanlar\u0131d\u0131r. \u0130yi tasarlanm\u0131\u015f bir ofis ortam\u0131, \u00e7al\u0131\u015fan verimlili\u011fini art\u0131rd\u0131\u011f\u0131 gibi m\u00fc\u015fteri g\u00f6z\u00fcnde de g\u00fcven olu\u015fturur. Biz de bu bilin\u00e7le, ofis tasar\u0131m ve yenileme projelerinde hem estetik hem i\u015flevselli\u011fi \u00f6n planda tutuyoruz. Mek\u00e2n\u0131n mimari yap\u0131s\u0131na ve sekt\u00f6r\u00fcn\u00fcze \u00f6zel \u00e7\u00f6z\u00fcmler sunarak, size \u00f6zg\u00fc ve \u00e7a\u011fda\u015f ofis alanlar\u0131 tasarl\u0131yoruz.<\/p>\n\n\n\n<p>Anahtar teslim hizmet anlay\u0131\u015f\u0131m\u0131zla projeyi A\u2019dan Z\u2019ye \u00fcstleniyor; planlamadan uygulamaya, elektrik ve altyap\u0131 tesisat\u0131ndan mobilya yerle\u015fimine kadar t\u00fcm detaylar\u0131 titizlikle y\u00f6netiyoruz. \u0130ster yeni kurulan bir ofis, ister yenilenmek istenen bir \u00e7al\u0131\u015fma alan\u0131 olsun, t\u00fcm s\u00fcreci profesyonel ekibimizle h\u0131zl\u0131 ve kaliteli \u015fekilde tamaml\u0131yoruz. Sonu\u00e7 olarak \u00e7al\u0131\u015fanlar\u0131n\u0131z\u0131n konforlu, d\u00fczenli ve yarat\u0131c\u0131 bir ortamda \u00e7al\u0131\u015ft\u0131\u011f\u0131, markan\u0131zla b\u00fct\u00fcnle\u015fmi\u015f bir ofis alan\u0131 ortaya \u00e7\u0131k\u0131yor.<\/p>\n","protected":false},"excerpt":{"rendered":"<p>Verimlili\u011fi Y\u00fckselten Ofisler \u2013 Modern ve \u0130\u015flevsel \u00c7\u00f6z\u00fcmler. Modern i\u015f d\u00fcnyas\u0131nda ofisler sadece \u00e7al\u0131\u015f\u0131lan yerler de\u011fil, ayn\u0131 zamanda markan\u0131n kimli\u011fini ve kurumsal duru\u015funu yans\u0131tan ya\u015fam&hellip;<\/p>\n","protected":false},"author":1,"featured_media":889,"parent":0,"menu_order":0,"comment_status":"closed","ping_status":"closed","template":"","meta":{"footnotes":""},"class_list":["post-383","page","type-page","status-publish","has-post-thumbnail","hentry"],"_links":{"self":[{"href":"https:\/\/www.karmazyapitasarim.com\/index.php\/wp-json\/wp\/v2\/pages\/383","targetHints":{"allow":["GET"]}}],"collection":[{"href":"https:\/\/www.karmazyapitasarim.com\/index.php\/wp-json\/wp\/v2\/pages"}],"about":[{"href":"https:\/\/www.karmazyapitasarim.com\/index.php\/wp-json\/wp\/v2\/types\/page"}],"author":[{"embeddable":true,"href":"https:\/\/www.karmazyapitasarim.com\/index.php\/wp-json\/wp\/v2\/users\/1"}],"replies":[{"embeddable":true,"href":"https:\/\/www.karmazyapitasarim.com\/index.php\/wp-json\/wp\/v2\/comments?post=383"}],"version-history":[{"count":2,"href":"https:\/\/www.karmazyapitasarim.com\/index.php\/wp-json\/wp\/v2\/pages\/383\/revisions"}],"predecessor-version":[{"id":888,"href":"https:\/\/www.karmazyapitasarim.com\/index.php\/wp-json\/wp\/v2\/pages\/383\/revisions\/888"}],"wp:featuredmedia":[{"embeddable":true,"href":"https:\/\/www.karmazyapitasarim.com\/index.php\/wp-json\/wp\/v2\/media\/889"}],"wp:attachment":[{"href":"https:\/\/www.karmazyapitasarim.com\/index.php\/wp-json\/wp\/v2\/media?parent=383"}],"curies":[{"name":"wp","href":"https:\/\/api.w.org\/{rel}","templated":true}]}}